{"id":4107,"date":"2024-07-02T08:12:17","date_gmt":"2024-07-02T06:12:17","guid":{"rendered":"https:\/\/translate.danijel-interijeri.konncept.info\/%d0%ba%d0%be%d0%bd%d1%82%d0%b0%d0%ba%d1%82\/"},"modified":"2025-08-11T10:39:40","modified_gmt":"2025-08-11T08:39:40","slug":"%d0%ba%d0%be%d0%bd%d1%82%d0%b0%d0%ba%d1%82","status":"publish","type":"page","link":"https:\/\/danijel-interijeri.com\/ru\/%d0%ba%d0%be%d0%bd%d1%82%d0%b0%d0%ba%d1%82\/","title":{"rendered":"\u041a\u043e\u043d\u0442\u0430\u043a\u0442"},"content":{"rendered":"","protected":false},"excerpt":{"rendered":"","protected":false},"author":1,"featured_media":0,"parent":0,"menu_order":0,"comment_status":"closed","ping_status":"closed","template":"","meta":{"iawp_total_views":15,"footnotes":""},"hf_cat_page":[11],"class_list":["post-4107","page","type-page","status-publish","hentry"],"yoast_head":"<!-- This site is optimized with the Yoast SEO plugin v27.5 - https:\/\/yoast.com\/product\/yoast-seo-wordpress\/ -->\n<title>\u041a\u043e\u043d\u0442\u0430\u043a\u0442 - \u0414\u0430\u043d\u0438\u0435\u043b \u0438\u043d\u0442\u0435\u0440\u044c\u0435\u0440\u044b<\/title>\n<meta name=\"description\" content=\"Danijel interijeri d.o.o. - Prilago\u0111ena i cjelovita rje\u0161enje dizajna Va\u0161eg doma, poslovnog ili trgova\u010dkog prostora.\" \/>\n<meta name=\"robots\" content=\"index, follow, max-snippet:-1, max-image-preview:large, max-video-preview:-1\" \/>\n<link rel=\"canonical\" href=\"https:\/\/danijel-interijeri.com\/ru\/\u043a\u043e\u043d\u0442\u0430\u043a\u0442\/\" \/>\n<meta property=\"og:locale\" content=\"ru_RU\" \/>\n<meta property=\"og:type\" content=\"article\" \/>\n<meta property=\"og:title\" content=\"\u041a\u043e\u043d\u0442\u0430\u043a\u0442 - \u0414\u0430\u043d\u0438\u0435\u043b \u0438\u043d\u0442\u0435\u0440\u044c\u0435\u0440\u044b\" \/>\n<meta property=\"og:description\" content=\"Danijel interijeri d.o.o. - Prilago\u0111ena i cjelovita rje\u0161enje dizajna Va\u0161eg doma, poslovnog ili trgova\u010dkog prostora.\" \/>\n<meta property=\"og:url\" content=\"https:\/\/danijel-interijeri.com\/ru\/\u043a\u043e\u043d\u0442\u0430\u043a\u0442\/\" \/>\n<meta property=\"og:site_name\" content=\"\u0414\u0430\u043d\u0438\u0435\u043b \u0438\u043d\u0442\u0435\u0440\u044c\u0435\u0440\u044b\" \/>\n<meta property=\"article:publisher\" content=\"https:\/\/www.facebook.com\/danijelinterijeri\" \/>\n<meta property=\"article:modified_time\" content=\"2025-08-11T08:39:40+00:00\" \/>\n<meta property=\"og:image\" content=\"https:\/\/danijel-interijeri.com\/wp-content\/uploads\/danijel-interijeri-Izrada-namjestaja-po-mjeri-hrvatska.jpg\" \/>\n\t<meta property=\"og:image:width\" content=\"1491\" \/>\n\t<meta property=\"og:image:height\" content=\"782\" \/>\n\t<meta property=\"og:image:type\" content=\"image\/jpeg\" \/>\n<meta name=\"twitter:card\" content=\"summary_large_image\" \/>\n<script type=\"application\/ld+json\" class=\"yoast-schema-graph\">{\"@context\":\"https:\\\/\\\/schema.org\",\"@graph\":[{\"@type\":\"WebPage\",\"@id\":\"https:\\\/\\\/danijel-interijeri.com\\\/ru\\\/%d0%ba%d0%be%d0%bd%d1%82%d0%b0%d0%ba%d1%82\\\/\",\"url\":\"https:\\\/\\\/danijel-interijeri.com\\\/ru\\\/%d0%ba%d0%be%d0%bd%d1%82%d0%b0%d0%ba%d1%82\\\/\",\"name\":\"\u041a\u043e\u043d\u0442\u0430\u043a\u0442 - \u0414\u0430\u043d\u0438\u0435\u043b \u0438\u043d\u0442\u0435\u0440\u044c\u0435\u0440\u044b\",\"isPartOf\":{\"@id\":\"https:\\\/\\\/danijel-interijeri.com\\\/ru\\\/#website\"},\"datePublished\":\"2024-07-02T06:12:17+00:00\",\"dateModified\":\"2025-08-11T08:39:40+00:00\",\"description\":\"Danijel interijeri d.o.o. - Prilago\u0111ena i cjelovita rje\u0161enje dizajna Va\u0161eg doma, poslovnog ili trgova\u010dkog prostora.\",\"breadcrumb\":{\"@id\":\"https:\\\/\\\/danijel-interijeri.com\\\/ru\\\/%d0%ba%d0%be%d0%bd%d1%82%d0%b0%d0%ba%d1%82\\\/#breadcrumb\"},\"inLanguage\":\"ru-RU\",\"potentialAction\":[{\"@type\":\"ReadAction\",\"target\":[\"https:\\\/\\\/danijel-interijeri.com\\\/ru\\\/%d0%ba%d0%be%d0%bd%d1%82%d0%b0%d0%ba%d1%82\\\/\"]}]},{\"@type\":\"BreadcrumbList\",\"@id\":\"https:\\\/\\\/danijel-interijeri.com\\\/ru\\\/%d0%ba%d0%be%d0%bd%d1%82%d0%b0%d0%ba%d1%82\\\/#breadcrumb\",\"itemListElement\":[{\"@type\":\"ListItem\",\"position\":1,\"name\":\"Po\u010detna stranica\",\"item\":\"https:\\\/\\\/danijel-interijeri.com\\\/ru\\\/%d0%b4%d0%be%d0%bc\\\/\"},{\"@type\":\"ListItem\",\"position\":2,\"name\":\"\u041a\u043e\u043d\u0442\u0430\u043a\u0442\"}]},{\"@type\":\"WebSite\",\"@id\":\"https:\\\/\\\/danijel-interijeri.com\\\/ru\\\/#website\",\"url\":\"https:\\\/\\\/danijel-interijeri.com\\\/ru\\\/\",\"name\":\"Danijel interijeri d.o.o. - Nema ograni\u010denja, samo mogu\u0107nosti!\",\"description\":\"Vebsajt u izradi\",\"publisher\":{\"@id\":\"https:\\\/\\\/danijel-interijeri.com\\\/ru\\\/#organization\"},\"alternateName\":\"Danijel interijeri d.o.o. - Nema ograni\u010denja, samo mogu\u0107nosti\",\"potentialAction\":[{\"@type\":\"SearchAction\",\"target\":{\"@type\":\"EntryPoint\",\"urlTemplate\":\"https:\\\/\\\/danijel-interijeri.com\\\/ru\\\/?s={search_term_string}\"},\"query-input\":{\"@type\":\"PropertyValueSpecification\",\"valueRequired\":true,\"valueName\":\"search_term_string\"}}],\"inLanguage\":\"ru-RU\"},{\"@type\":\"Organization\",\"@id\":\"https:\\\/\\\/danijel-interijeri.com\\\/ru\\\/#organization\",\"name\":\"Danijel interijeri d.o.o.\",\"url\":\"https:\\\/\\\/danijel-interijeri.com\\\/ru\\\/\",\"logo\":{\"@type\":\"ImageObject\",\"inLanguage\":\"ru-RU\",\"@id\":\"https:\\\/\\\/danijel-interijeri.com\\\/ru\\\/#\\\/schema\\\/logo\\\/image\\\/\",\"url\":\"https:\\\/\\\/danijel-interijeri.com\\\/wp-content\\\/uploads\\\/danijel-interijeri-Izrada-namjestaja-po-mjeri-hrvatska-logo.jpg\",\"contentUrl\":\"https:\\\/\\\/danijel-interijeri.com\\\/wp-content\\\/uploads\\\/danijel-interijeri-Izrada-namjestaja-po-mjeri-hrvatska-logo.jpg\",\"width\":247,\"height\":108,\"caption\":\"Danijel interijeri d.o.o.\"},\"image\":{\"@id\":\"https:\\\/\\\/danijel-interijeri.com\\\/ru\\\/#\\\/schema\\\/logo\\\/image\\\/\"},\"sameAs\":[\"https:\\\/\\\/www.facebook.com\\\/danijelinterijeri\"]}]}<\/script>\n<!-- \/ Yoast SEO plugin. -->","yoast_head_json":{"title":"\u041a\u043e\u043d\u0442\u0430\u043a\u0442 - \u0414\u0430\u043d\u0438\u0435\u043b \u0438\u043d\u0442\u0435\u0440\u044c\u0435\u0440\u044b","description":"Danijel interijeri d.o.o. - Prilago\u0111ena i cjelovita rje\u0161enje dizajna Va\u0161eg doma, poslovnog ili trgova\u010dkog prostora.","robots":{"index":"index","follow":"follow","max-snippet":"max-snippet:-1","max-image-preview":"max-image-preview:large","max-video-preview":"max-video-preview:-1"},"canonical":"https:\/\/danijel-interijeri.com\/ru\/\u043a\u043e\u043d\u0442\u0430\u043a\u0442\/","og_locale":"ru_RU","og_type":"article","og_title":"\u041a\u043e\u043d\u0442\u0430\u043a\u0442 - \u0414\u0430\u043d\u0438\u0435\u043b \u0438\u043d\u0442\u0435\u0440\u044c\u0435\u0440\u044b","og_description":"Danijel interijeri d.o.o. - Prilago\u0111ena i cjelovita rje\u0161enje dizajna Va\u0161eg doma, poslovnog ili trgova\u010dkog prostora.","og_url":"https:\/\/danijel-interijeri.com\/ru\/\u043a\u043e\u043d\u0442\u0430\u043a\u0442\/","og_site_name":"\u0414\u0430\u043d\u0438\u0435\u043b \u0438\u043d\u0442\u0435\u0440\u044c\u0435\u0440\u044b","article_publisher":"https:\/\/www.facebook.com\/danijelinterijeri","article_modified_time":"2025-08-11T08:39:40+00:00","og_image":[{"width":1491,"height":782,"url":"https:\/\/danijel-interijeri.com\/wp-content\/uploads\/danijel-interijeri-Izrada-namjestaja-po-mjeri-hrvatska.jpg","type":"image\/jpeg"}],"twitter_card":"summary_large_image","schema":{"@context":"https:\/\/schema.org","@graph":[{"@type":"WebPage","@id":"https:\/\/danijel-interijeri.com\/ru\/%d0%ba%d0%be%d0%bd%d1%82%d0%b0%d0%ba%d1%82\/","url":"https:\/\/danijel-interijeri.com\/ru\/%d0%ba%d0%be%d0%bd%d1%82%d0%b0%d0%ba%d1%82\/","name":"\u041a\u043e\u043d\u0442\u0430\u043a\u0442 - \u0414\u0430\u043d\u0438\u0435\u043b \u0438\u043d\u0442\u0435\u0440\u044c\u0435\u0440\u044b","isPartOf":{"@id":"https:\/\/danijel-interijeri.com\/ru\/#website"},"datePublished":"2024-07-02T06:12:17+00:00","dateModified":"2025-08-11T08:39:40+00:00","description":"Danijel interijeri d.o.o. - Prilago\u0111ena i cjelovita rje\u0161enje dizajna Va\u0161eg doma, poslovnog ili trgova\u010dkog prostora.","breadcrumb":{"@id":"https:\/\/danijel-interijeri.com\/ru\/%d0%ba%d0%be%d0%bd%d1%82%d0%b0%d0%ba%d1%82\/#breadcrumb"},"inLanguage":"ru-RU","potentialAction":[{"@type":"ReadAction","target":["https:\/\/danijel-interijeri.com\/ru\/%d0%ba%d0%be%d0%bd%d1%82%d0%b0%d0%ba%d1%82\/"]}]},{"@type":"BreadcrumbList","@id":"https:\/\/danijel-interijeri.com\/ru\/%d0%ba%d0%be%d0%bd%d1%82%d0%b0%d0%ba%d1%82\/#breadcrumb","itemListElement":[{"@type":"ListItem","position":1,"name":"Po\u010detna stranica","item":"https:\/\/danijel-interijeri.com\/ru\/%d0%b4%d0%be%d0%bc\/"},{"@type":"ListItem","position":2,"name":"\u041a\u043e\u043d\u0442\u0430\u043a\u0442"}]},{"@type":"WebSite","@id":"https:\/\/danijel-interijeri.com\/ru\/#website","url":"https:\/\/danijel-interijeri.com\/ru\/","name":"Danijel interijeri d.o.o. - Nema ograni\u010denja, samo mogu\u0107nosti!","description":"Vebsajt u izradi","publisher":{"@id":"https:\/\/danijel-interijeri.com\/ru\/#organization"},"alternateName":"Danijel interijeri d.o.o. - Nema ograni\u010denja, samo mogu\u0107nosti","potentialAction":[{"@type":"SearchAction","target":{"@type":"EntryPoint","urlTemplate":"https:\/\/danijel-interijeri.com\/ru\/?s={search_term_string}"},"query-input":{"@type":"PropertyValueSpecification","valueRequired":true,"valueName":"search_term_string"}}],"inLanguage":"ru-RU"},{"@type":"Organization","@id":"https:\/\/danijel-interijeri.com\/ru\/#organization","name":"Danijel interijeri d.o.o.","url":"https:\/\/danijel-interijeri.com\/ru\/","logo":{"@type":"ImageObject","inLanguage":"ru-RU","@id":"https:\/\/danijel-interijeri.com\/ru\/#\/schema\/logo\/image\/","url":"https:\/\/danijel-interijeri.com\/wp-content\/uploads\/danijel-interijeri-Izrada-namjestaja-po-mjeri-hrvatska-logo.jpg","contentUrl":"https:\/\/danijel-interijeri.com\/wp-content\/uploads\/danijel-interijeri-Izrada-namjestaja-po-mjeri-hrvatska-logo.jpg","width":247,"height":108,"caption":"Danijel interijeri d.o.o."},"image":{"@id":"https:\/\/danijel-interijeri.com\/ru\/#\/schema\/logo\/image\/"},"sameAs":["https:\/\/www.facebook.com\/danijelinterijeri"]}]}},"meta_box":{"section_3_slike_1":[{"width":128,"height":60,"file":"danijel-interijeri-Izrada-namjestaja-po-mjeri-o-nama7.jpg","filesize":284687,"sizes":{"medium_large":{"file":"danijel-interijeri-Izrada-namjestaja-po-mjeri-o-nama7-768x359.jpg","width":768,"height":359,"mime-type":"image\/jpeg","filesize":53181,"url":"https:\/\/danijel-interijeri.com\/wp-content\/uploads\/danijel-interijeri-Izrada-namjestaja-po-mjeri-o-nama7-768x359.jpg"},"1536x1536":{"file":"danijel-interijeri-Izrada-namjestaja-po-mjeri-o-nama7-1536x718.jpg","width":1536,"height":718,"mime-type":"image\/jpeg","filesize":183522,"url":"https:\/\/danijel-interijeri.com\/wp-content\/uploads\/danijel-interijeri-Izrada-namjestaja-po-mjeri-o-nama7-1536x718.jpg"},"image-480":{"file":"danijel-interijeri-Izrada-namjestaja-po-mjeri-o-nama7-480x224.jpg","width":480,"height":224,"mime-type":"image\/jpeg","filesize":23502,"url":"https:\/\/danijel-interijeri.com\/wp-content\/uploads\/danijel-interijeri-Izrada-namjestaja-po-mjeri-o-nama7-480x224.jpg"},"image-640":{"file":"danijel-interijeri-Izrada-namjestaja-po-mjeri-o-nama7-640x299.jpg","width":640,"height":299,"mime-type":"image\/jpeg","filesize":39471,"url":"https:\/\/danijel-interijeri.com\/wp-content\/uploads\/danijel-interijeri-Izrada-namjestaja-po-mjeri-o-nama7-640x299.jpg"},"image-720":{"file":"danijel-interijeri-Izrada-namjestaja-po-mjeri-o-nama7-720x336.jpg","width":720,"height":336,"mime-type":"image\/jpeg","filesize":47568,"url":"https:\/\/danijel-interijeri.com\/wp-content\/uploads\/danijel-interijeri-Izrada-namjestaja-po-mjeri-o-nama7-720x336.jpg"},"image-960":{"file":"danijel-interijeri-Izrada-namjestaja-po-mjeri-o-nama7-960x449.jpg","width":960,"height":449,"mime-type":"image\/jpeg","filesize":80013,"url":"https:\/\/danijel-interijeri.com\/wp-content\/uploads\/danijel-interijeri-Izrada-namjestaja-po-mjeri-o-nama7-960x449.jpg"},"image-1168":{"file":"danijel-interijeri-Izrada-namjestaja-po-mjeri-o-nama7-1168x546.jpg","width":1168,"height":546,"mime-type":"image\/jpeg","filesize":114174,"url":"https:\/\/danijel-interijeri.com\/wp-content\/uploads\/danijel-interijeri-Izrada-namjestaja-po-mjeri-o-nama7-1168x546.jpg"},"image-1440":{"file":"danijel-interijeri-Izrada-namjestaja-po-mjeri-o-nama7-1440x673.jpg","width":1440,"height":673,"mime-type":"image\/jpeg","filesize":165862,"url":"https:\/\/danijel-interijeri.com\/wp-content\/uploads\/danijel-interijeri-Izrada-namjestaja-po-mjeri-o-nama7-1440x673.jpg"}},"image_meta":{"aperture":"0","credit":"","camera":"","caption":"","created_timestamp":"0","copyright":"","focal_length":"0","iso":"0","shutter_speed":"0","title":"","orientation":"1","keywords":[]},"ID":"7296","name":"danijel-interijeri-Izrada-namjestaja-po-mjeri-o-nama7.jpg","path":"\/home2\/danijel\/public_html\/wp-content\/uploads\/danijel-interijeri-Izrada-namjestaja-po-mjeri-o-nama7.jpg","url":"https:\/\/danijel-interijeri.com\/wp-content\/uploads\/danijel-interijeri-Izrada-namjestaja-po-mjeri-o-nama7.jpg","full_url":"https:\/\/danijel-interijeri.com\/wp-content\/uploads\/danijel-interijeri-Izrada-namjestaja-po-mjeri-o-nama7.jpg","title":"danijel-interijeri-Izrada namjestaja po mjeri-o nama7","caption":"","description":"","alt":"","srcset":"https:\/\/danijel-interijeri.com\/wp-content\/uploads\/danijel-interijeri-Izrada-namjestaja-po-mjeri-o-nama7.jpg 1920w, https:\/\/danijel-interijeri.com\/wp-content\/uploads\/danijel-interijeri-Izrada-namjestaja-po-mjeri-o-nama7-768x359.jpg 768w, https:\/\/danijel-interijeri.com\/wp-content\/uploads\/danijel-interijeri-Izrada-namjestaja-po-mjeri-o-nama7-1536x718.jpg 1536w, https:\/\/danijel-interijeri.com\/wp-content\/uploads\/danijel-interijeri-Izrada-namjestaja-po-mjeri-o-nama7-480x224.jpg 480w, https:\/\/danijel-interijeri.com\/wp-content\/uploads\/danijel-interijeri-Izrada-namjestaja-po-mjeri-o-nama7-640x299.jpg 640w, https:\/\/danijel-interijeri.com\/wp-content\/uploads\/danijel-interijeri-Izrada-namjestaja-po-mjeri-o-nama7-720x336.jpg 720w, https:\/\/danijel-interijeri.com\/wp-content\/uploads\/danijel-interijeri-Izrada-namjestaja-po-mjeri-o-nama7-960x449.jpg 960w, https:\/\/danijel-interijeri.com\/wp-content\/uploads\/danijel-interijeri-Izrada-namjestaja-po-mjeri-o-nama7-1168x546.jpg 1168w, https:\/\/danijel-interijeri.com\/wp-content\/uploads\/danijel-interijeri-Izrada-namjestaja-po-mjeri-o-nama7-1440x673.jpg 1440w"}],"section_3_slike_2":[{"width":128,"height":60,"file":"danijel-interijeri-Izrada-namjestaja-po-mjeri-o-nama4.jpg","filesize":208118,"sizes":{"medium_large":{"file":"danijel-interijeri-Izrada-namjestaja-po-mjeri-o-nama4-768x359.jpg","width":768,"height":359,"mime-type":"image\/jpeg","filesize":48707,"url":"https:\/\/danijel-interijeri.com\/wp-content\/uploads\/danijel-interijeri-Izrada-namjestaja-po-mjeri-o-nama4-768x359.jpg"},"1536x1536":{"file":"danijel-interijeri-Izrada-namjestaja-po-mjeri-o-nama4-1536x718.jpg","width":1536,"height":718,"mime-type":"image\/jpeg","filesize":146766,"url":"https:\/\/danijel-interijeri.com\/wp-content\/uploads\/danijel-interijeri-Izrada-namjestaja-po-mjeri-o-nama4-1536x718.jpg"},"image-480":{"file":"danijel-interijeri-Izrada-namjestaja-po-mjeri-o-nama4-480x224.jpg","width":480,"height":224,"mime-type":"image\/jpeg","filesize":22862,"url":"https:\/\/danijel-interijeri.com\/wp-content\/uploads\/danijel-interijeri-Izrada-namjestaja-po-mjeri-o-nama4-480x224.jpg"},"image-640":{"file":"danijel-interijeri-Izrada-namjestaja-po-mjeri-o-nama4-640x299.jpg","width":640,"height":299,"mime-type":"image\/jpeg","filesize":36989,"url":"https:\/\/danijel-interijeri.com\/wp-content\/uploads\/danijel-interijeri-Izrada-namjestaja-po-mjeri-o-nama4-640x299.jpg"},"image-720":{"file":"danijel-interijeri-Izrada-namjestaja-po-mjeri-o-nama4-720x336.jpg","width":720,"height":336,"mime-type":"image\/jpeg","filesize":43608,"url":"https:\/\/danijel-interijeri.com\/wp-content\/uploads\/danijel-interijeri-Izrada-namjestaja-po-mjeri-o-nama4-720x336.jpg"},"image-960":{"file":"danijel-interijeri-Izrada-namjestaja-po-mjeri-o-nama4-960x449.jpg","width":960,"height":449,"mime-type":"image\/jpeg","filesize":70208,"url":"https:\/\/danijel-interijeri.com\/wp-content\/uploads\/danijel-interijeri-Izrada-namjestaja-po-mjeri-o-nama4-960x449.jpg"},"image-1168":{"file":"danijel-interijeri-Izrada-namjestaja-po-mjeri-o-nama4-1168x546.jpg","width":1168,"height":546,"mime-type":"image\/jpeg","filesize":96161,"url":"https:\/\/danijel-interijeri.com\/wp-content\/uploads\/danijel-interijeri-Izrada-namjestaja-po-mjeri-o-nama4-1168x546.jpg"},"image-1440":{"file":"danijel-interijeri-Izrada-namjestaja-po-mjeri-o-nama4-1440x673.jpg","width":1440,"height":673,"mime-type":"image\/jpeg","filesize":133639,"url":"https:\/\/danijel-interijeri.com\/wp-content\/uploads\/danijel-interijeri-Izrada-namjestaja-po-mjeri-o-nama4-1440x673.jpg"}},"image_meta":{"aperture":"0","credit":"","camera":"","caption":"","created_timestamp":"0","copyright":"","focal_length":"0","iso":"0","shutter_speed":"0","title":"","orientation":"1","keywords":[]},"ID":"7284","name":"danijel-interijeri-Izrada-namjestaja-po-mjeri-o-nama4.jpg","path":"\/home2\/danijel\/public_html\/wp-content\/uploads\/danijel-interijeri-Izrada-namjestaja-po-mjeri-o-nama4.jpg","url":"https:\/\/danijel-interijeri.com\/wp-content\/uploads\/danijel-interijeri-Izrada-namjestaja-po-mjeri-o-nama4.jpg","full_url":"https:\/\/danijel-interijeri.com\/wp-content\/uploads\/danijel-interijeri-Izrada-namjestaja-po-mjeri-o-nama4.jpg","title":"danijel-interijeri-Izrada namjestaja po mjeri-o nama4","caption":"","description":"","alt":"","srcset":"https:\/\/danijel-interijeri.com\/wp-content\/uploads\/danijel-interijeri-Izrada-namjestaja-po-mjeri-o-nama4.jpg 1920w, https:\/\/danijel-interijeri.com\/wp-content\/uploads\/danijel-interijeri-Izrada-namjestaja-po-mjeri-o-nama4-768x359.jpg 768w, https:\/\/danijel-interijeri.com\/wp-content\/uploads\/danijel-interijeri-Izrada-namjestaja-po-mjeri-o-nama4-1536x718.jpg 1536w, https:\/\/danijel-interijeri.com\/wp-content\/uploads\/danijel-interijeri-Izrada-namjestaja-po-mjeri-o-nama4-480x224.jpg 480w, https:\/\/danijel-interijeri.com\/wp-content\/uploads\/danijel-interijeri-Izrada-namjestaja-po-mjeri-o-nama4-640x299.jpg 640w, https:\/\/danijel-interijeri.com\/wp-content\/uploads\/danijel-interijeri-Izrada-namjestaja-po-mjeri-o-nama4-720x336.jpg 720w, https:\/\/danijel-interijeri.com\/wp-content\/uploads\/danijel-interijeri-Izrada-namjestaja-po-mjeri-o-nama4-960x449.jpg 960w, https:\/\/danijel-interijeri.com\/wp-content\/uploads\/danijel-interijeri-Izrada-namjestaja-po-mjeri-o-nama4-1168x546.jpg 1168w, https:\/\/danijel-interijeri.com\/wp-content\/uploads\/danijel-interijeri-Izrada-namjestaja-po-mjeri-o-nama4-1440x673.jpg 1440w"}],"section_3_slike_3":[{"width":128,"height":59,"file":"danijel-interijeri-Izrada-namjestaja-po-mjeri-radiona-002.jpg","filesize":188498,"sizes":{"medium_large":{"file":"danijel-interijeri-Izrada-namjestaja-po-mjeri-radiona-002-768x355.jpg","width":768,"height":355,"mime-type":"image\/jpeg","filesize":42298,"url":"https:\/\/danijel-interijeri.com\/wp-content\/uploads\/danijel-interijeri-Izrada-namjestaja-po-mjeri-radiona-002-768x355.jpg"},"1536x1536":{"file":"danijel-interijeri-Izrada-namjestaja-po-mjeri-radiona-002-1536x710.jpg","width":1536,"height":710,"mime-type":"image\/jpeg","filesize":132661,"url":"https:\/\/danijel-interijeri.com\/wp-content\/uploads\/danijel-interijeri-Izrada-namjestaja-po-mjeri-radiona-002-1536x710.jpg"},"image-480":{"file":"danijel-interijeri-Izrada-namjestaja-po-mjeri-radiona-002-480x222.jpg","width":480,"height":222,"mime-type":"image\/jpeg","filesize":19272,"url":"https:\/\/danijel-interijeri.com\/wp-content\/uploads\/danijel-interijeri-Izrada-namjestaja-po-mjeri-radiona-002-480x222.jpg"},"image-640":{"file":"danijel-interijeri-Izrada-namjestaja-po-mjeri-radiona-002-640x296.jpg","width":640,"height":296,"mime-type":"image\/jpeg","filesize":31326,"url":"https:\/\/danijel-interijeri.com\/wp-content\/uploads\/danijel-interijeri-Izrada-namjestaja-po-mjeri-radiona-002-640x296.jpg"},"image-720":{"file":"danijel-interijeri-Izrada-namjestaja-po-mjeri-radiona-002-720x333.jpg","width":720,"height":333,"mime-type":"image\/jpeg","filesize":37907,"url":"https:\/\/danijel-interijeri.com\/wp-content\/uploads\/danijel-interijeri-Izrada-namjestaja-po-mjeri-radiona-002-720x333.jpg"},"image-960":{"file":"danijel-interijeri-Izrada-namjestaja-po-mjeri-radiona-002-960x444.jpg","width":960,"height":444,"mime-type":"image\/jpeg","filesize":60875,"url":"https:\/\/danijel-interijeri.com\/wp-content\/uploads\/danijel-interijeri-Izrada-namjestaja-po-mjeri-radiona-002-960x444.jpg"},"image-1168":{"file":"danijel-interijeri-Izrada-namjestaja-po-mjeri-radiona-002-1168x540.jpg","width":1168,"height":540,"mime-type":"image\/jpeg","filesize":85318,"url":"https:\/\/danijel-interijeri.com\/wp-content\/uploads\/danijel-interijeri-Izrada-namjestaja-po-mjeri-radiona-002-1168x540.jpg"},"image-1440":{"file":"danijel-interijeri-Izrada-namjestaja-po-mjeri-radiona-002-1440x665.jpg","width":1440,"height":665,"mime-type":"image\/jpeg","filesize":120072,"url":"https:\/\/danijel-interijeri.com\/wp-content\/uploads\/danijel-interijeri-Izrada-namjestaja-po-mjeri-radiona-002-1440x665.jpg"}},"image_meta":{"aperture":"0","credit":"","camera":"","caption":"","created_timestamp":"0","copyright":"","focal_length":"0","iso":"0","shutter_speed":"0","title":"","orientation":"1","keywords":[]},"ID":"7575","name":"danijel-interijeri-Izrada-namjestaja-po-mjeri-radiona-002.jpg","path":"\/home2\/danijel\/public_html\/wp-content\/uploads\/danijel-interijeri-Izrada-namjestaja-po-mjeri-radiona-002.jpg","url":"https:\/\/danijel-interijeri.com\/wp-content\/uploads\/danijel-interijeri-Izrada-namjestaja-po-mjeri-radiona-002.jpg","full_url":"https:\/\/danijel-interijeri.com\/wp-content\/uploads\/danijel-interijeri-Izrada-namjestaja-po-mjeri-radiona-002.jpg","title":"danijel-interijeri-Izrada namjestaja po mjeri-radiona-002","caption":"","description":"","alt":"","srcset":"https:\/\/danijel-interijeri.com\/wp-content\/uploads\/danijel-interijeri-Izrada-namjestaja-po-mjeri-radiona-002.jpg 1920w, https:\/\/danijel-interijeri.com\/wp-content\/uploads\/danijel-interijeri-Izrada-namjestaja-po-mjeri-radiona-002-768x355.jpg 768w, https:\/\/danijel-interijeri.com\/wp-content\/uploads\/danijel-interijeri-Izrada-namjestaja-po-mjeri-radiona-002-1536x710.jpg 1536w, https:\/\/danijel-interijeri.com\/wp-content\/uploads\/danijel-interijeri-Izrada-namjestaja-po-mjeri-radiona-002-480x222.jpg 480w, https:\/\/danijel-interijeri.com\/wp-content\/uploads\/danijel-interijeri-Izrada-namjestaja-po-mjeri-radiona-002-640x296.jpg 640w, https:\/\/danijel-interijeri.com\/wp-content\/uploads\/danijel-interijeri-Izrada-namjestaja-po-mjeri-radiona-002-720x333.jpg 720w, https:\/\/danijel-interijeri.com\/wp-content\/uploads\/danijel-interijeri-Izrada-namjestaja-po-mjeri-radiona-002-960x444.jpg 960w, https:\/\/danijel-interijeri.com\/wp-content\/uploads\/danijel-interijeri-Izrada-namjestaja-po-mjeri-radiona-002-1168x540.jpg 1168w, https:\/\/danijel-interijeri.com\/wp-content\/uploads\/danijel-interijeri-Izrada-namjestaja-po-mjeri-radiona-002-1440x665.jpg 1440w"}],"hero_slika":[],"content_section_slika_1":[],"content_section_slika_2":[],"content_section_slika_3":[],"content_section_slika_4":[],"o_nama_video":[],"footer_cta_slika":[],"content_section_slika_veca":[],"content_section_slika_manja":[],"dark_section_velika_slika":[],"dark_section_2_velika_slika":[],"galerija":[],"hide_in_loops":"0","header_overlay_style":"Standard","footer_cta":"Show"},"_links":{"self":[{"href":"https:\/\/danijel-interijeri.com\/ru\/wp-json\/wp\/v2\/pages\/4107","targetHints":{"allow":["GET"]}}],"collection":[{"href":"https:\/\/danijel-interijeri.com\/ru\/wp-json\/wp\/v2\/pages"}],"about":[{"href":"https:\/\/danijel-interijeri.com\/ru\/wp-json\/wp\/v2\/types\/page"}],"author":[{"embeddable":true,"href":"https:\/\/danijel-interijeri.com\/ru\/wp-json\/wp\/v2\/users\/1"}],"replies":[{"embeddable":true,"href":"https:\/\/danijel-interijeri.com\/ru\/wp-json\/wp\/v2\/comments?post=4107"}],"version-history":[{"count":5,"href":"https:\/\/danijel-interijeri.com\/ru\/wp-json\/wp\/v2\/pages\/4107\/revisions"}],"predecessor-version":[{"id":7863,"href":"https:\/\/danijel-interijeri.com\/ru\/wp-json\/wp\/v2\/pages\/4107\/revisions\/7863"}],"wp:attachment":[{"href":"https:\/\/danijel-interijeri.com\/ru\/wp-json\/wp\/v2\/media?parent=4107"}],"wp:term":[{"taxonomy":"hf_cat_page","embeddable":true,"href":"https:\/\/danijel-interijeri.com\/ru\/wp-json\/wp\/v2\/hf_cat_page?post=4107"}],"curies":[{"name":"wp","href":"https:\/\/api.w.org\/{rel}","templated":true}]}}